{"id":1462,"date":"2020-08-22T15:10:12","date_gmt":"2020-08-22T13:10:12","guid":{"rendered":"http:\/\/www.musiquem.fr\/college\/?page_id=1462"},"modified":"2020-11-09T18:10:32","modified_gmt":"2020-11-09T17:10:32","slug":"sujet-1-definition-dun-style-musical","status":"publish","type":"page","link":"http:\/\/www.musiquem.fr\/college\/sujet-1-definition-dun-style-musical\/","title":{"rendered":"Sujet 1 : D\u00e9finition d&rsquo;un style musical"},"content":{"rendered":"\n<p>D\u00e9finition d&rsquo;un style musical : faut-il appartenir \u00e0 un courant musical ou rechercher son propre style ?<\/p>\n\n\n\n<p>Vid\u00e9o sur l&rsquo;histoire de la musique et les styles musicaux<\/p>\n\n\n\n<iframe loading=\"lazy\" width=\"560\" height=\"315\" src=\"https:\/\/www.youtube.com\/embed\/b1VcgBfEUjw\" frameborder=\"0\" allow=\"accelerometer; autoplay; clipboard-write; encrypted-media; gyroscope; picture-in-picture\" allowfullscreen=\"\"><\/iframe>\n\n\n\n<p><\/p>\n\n\n\n<figure class=\"wp-block-gallery columns-4 is-cropped wp-block-gallery-1 is-layout-flex wp-block-gallery-is-layout-flex\"><ul class=\"blocks-gallery-grid\"><li class=\"blocks-gallery-item\"><figure><a href=\"http:\/\/www.musiquem.fr\/college\/sujet-1-definition-dun-style-musical\/moyenage-1\/\"><img loading=\"lazy\" decoding=\"async\" width=\"721\" height=\"1024\" src=\"http:\/\/www.musiquem.fr\/college\/wp-content\/uploads\/2020\/11\/moyenage-1-721x1024.jpg\" alt=\"\" data-id=\"1977\" data-link=\"http:\/\/www.musiquem.fr\/college\/sujet-1-definition-dun-style-musical\/moyenage-1\/\" class=\"wp-image-1977\" srcset=\"http:\/\/www.musiquem.fr\/college\/wp-content\/uploads\/2020\/11\/moyenage-1-721x1024.jpg 721w, http:\/\/www.musiquem.fr\/college\/wp-content\/uploads\/2020\/11\/moyenage-1-211x300.jpg 211w, http:\/\/www.musiquem.fr\/college\/wp-content\/uploads\/2020\/11\/moyenage-1-768x1091.jpg 768w, http:\/\/www.musiquem.fr\/college\/wp-content\/uploads\/2020\/11\/moyenage-1-1082x1536.jpg 1082w, http:\/\/www.musiquem.fr\/college\/wp-content\/uploads\/2020\/11\/moyenage-1-1442x2048.jpg 1442w, http:\/\/www.musiquem.fr\/college\/wp-content\/uploads\/2020\/11\/moyenage-1.jpg 1768w\" sizes=\"auto, (max-width: 721px) 100vw, 721px\" \/><\/a><\/figure><\/li><li class=\"blocks-gallery-item\"><figure><a href=\"http:\/\/www.musiquem.fr\/college\/sujet-1-definition-dun-style-musical\/renaissance-1\/\"><img loading=\"lazy\" decoding=\"async\" width=\"723\" height=\"1024\" src=\"http:\/\/www.musiquem.fr\/college\/wp-content\/uploads\/2020\/11\/renaissance-1-723x1024.jpg\" alt=\"\" data-id=\"1978\" data-link=\"http:\/\/www.musiquem.fr\/college\/sujet-1-definition-dun-style-musical\/renaissance-1\/\" class=\"wp-image-1978\" srcset=\"http:\/\/www.musiquem.fr\/college\/wp-content\/uploads\/2020\/11\/renaissance-1-723x1024.jpg 723w, http:\/\/www.musiquem.fr\/college\/wp-content\/uploads\/2020\/11\/renaissance-1-212x300.jpg 212w, http:\/\/www.musiquem.fr\/college\/wp-content\/uploads\/2020\/11\/renaissance-1-768x1088.jpg 768w, http:\/\/www.musiquem.fr\/college\/wp-content\/uploads\/2020\/11\/renaissance-1-1084x1536.jpg 1084w, http:\/\/www.musiquem.fr\/college\/wp-content\/uploads\/2020\/11\/renaissance-1-1445x2048.jpg 1445w, http:\/\/www.musiquem.fr\/college\/wp-content\/uploads\/2020\/11\/renaissance-1.jpg 1776w\" sizes=\"auto, (max-width: 723px) 100vw, 723px\" \/><\/a><\/figure><\/li><li class=\"blocks-gallery-item\"><figure><a href=\"http:\/\/www.musiquem.fr\/college\/sujet-1-definition-dun-style-musical\/baroque-1\/\"><img loading=\"lazy\" decoding=\"async\" width=\"725\" height=\"1024\" src=\"http:\/\/www.musiquem.fr\/college\/wp-content\/uploads\/2020\/11\/baroque-1-725x1024.jpg\" alt=\"\" data-id=\"1986\" data-link=\"http:\/\/www.musiquem.fr\/college\/sujet-1-definition-dun-style-musical\/baroque-1\/\" class=\"wp-image-1986\" srcset=\"http:\/\/www.musiquem.fr\/college\/wp-content\/uploads\/2020\/11\/baroque-1-725x1024.jpg 725w, http:\/\/www.musiquem.fr\/college\/wp-content\/uploads\/2020\/11\/baroque-1-212x300.jpg 212w, http:\/\/www.musiquem.fr\/college\/wp-content\/uploads\/2020\/11\/baroque-1-768x1085.jpg 768w, http:\/\/www.musiquem.fr\/college\/wp-content\/uploads\/2020\/11\/baroque-1-1087x1536.jpg 1087w, http:\/\/www.musiquem.fr\/college\/wp-content\/uploads\/2020\/11\/baroque-1-1450x2048.jpg 1450w, http:\/\/www.musiquem.fr\/college\/wp-content\/uploads\/2020\/11\/baroque-1.jpg 1784w\" sizes=\"auto, (max-width: 725px) 100vw, 725px\" \/><\/a><\/figure><\/li><li class=\"blocks-gallery-item\"><figure><a href=\"http:\/\/www.musiquem.fr\/college\/sujet-1-definition-dun-style-musical\/classique\/\"><img loading=\"lazy\" decoding=\"async\" width=\"727\" height=\"1024\" src=\"http:\/\/www.musiquem.fr\/college\/wp-content\/uploads\/2020\/11\/classique-727x1024.jpg\" alt=\"\" data-id=\"1980\" data-link=\"http:\/\/www.musiquem.fr\/college\/sujet-1-definition-dun-style-musical\/classique\/\" class=\"wp-image-1980\" srcset=\"http:\/\/www.musiquem.fr\/college\/wp-content\/uploads\/2020\/11\/classique-727x1024.jpg 727w, http:\/\/www.musiquem.fr\/college\/wp-content\/uploads\/2020\/11\/classique-213x300.jpg 213w, http:\/\/www.musiquem.fr\/college\/wp-content\/uploads\/2020\/11\/classique-768x1081.jpg 768w, http:\/\/www.musiquem.fr\/college\/wp-content\/uploads\/2020\/11\/classique-1091x1536.jpg 1091w, http:\/\/www.musiquem.fr\/college\/wp-content\/uploads\/2020\/11\/classique-1455x2048.jpg 1455w, http:\/\/www.musiquem.fr\/college\/wp-content\/uploads\/2020\/11\/classique.jpg 1792w\" sizes=\"auto, (max-width: 727px) 100vw, 727px\" \/><\/a><\/figure><\/li><li class=\"blocks-gallery-item\"><figure><a href=\"http:\/\/www.musiquem.fr\/college\/sujet-1-definition-dun-style-musical\/romantique-1\/\"><img loading=\"lazy\" decoding=\"async\" width=\"731\" height=\"1024\" src=\"http:\/\/www.musiquem.fr\/college\/wp-content\/uploads\/2020\/11\/romantique-1-731x1024.jpg\" alt=\"\" data-id=\"1987\" data-full-url=\"http:\/\/www.musiquem.fr\/college\/wp-content\/uploads\/2020\/11\/romantique-1.jpg\" data-link=\"http:\/\/www.musiquem.fr\/college\/sujet-1-definition-dun-style-musical\/romantique-1\/\" class=\"wp-image-1987\" srcset=\"http:\/\/www.musiquem.fr\/college\/wp-content\/uploads\/2020\/11\/romantique-1-731x1024.jpg 731w, http:\/\/www.musiquem.fr\/college\/wp-content\/uploads\/2020\/11\/romantique-1-214x300.jpg 214w, http:\/\/www.musiquem.fr\/college\/wp-content\/uploads\/2020\/11\/romantique-1-768x1076.jpg 768w, http:\/\/www.musiquem.fr\/college\/wp-content\/uploads\/2020\/11\/romantique-1-1096x1536.jpg 1096w, http:\/\/www.musiquem.fr\/college\/wp-content\/uploads\/2020\/11\/romantique-1-1462x2048.jpg 1462w, http:\/\/www.musiquem.fr\/college\/wp-content\/uploads\/2020\/11\/romantique-1.jpg 1792w\" sizes=\"auto, (max-width: 731px) 100vw, 731px\" \/><\/a><\/figure><\/li><li class=\"blocks-gallery-item\"><figure><a href=\"http:\/\/www.musiquem.fr\/college\/sujet-1-definition-dun-style-musical\/moderne\/\"><img loading=\"lazy\" decoding=\"async\" width=\"733\" height=\"1024\" src=\"http:\/\/www.musiquem.fr\/college\/wp-content\/uploads\/2020\/11\/moderne-733x1024.jpg\" alt=\"\" data-id=\"1983\" data-link=\"http:\/\/www.musiquem.fr\/college\/sujet-1-definition-dun-style-musical\/moderne\/\" class=\"wp-image-1983\" srcset=\"http:\/\/www.musiquem.fr\/college\/wp-content\/uploads\/2020\/11\/moderne-733x1024.jpg 733w, http:\/\/www.musiquem.fr\/college\/wp-content\/uploads\/2020\/11\/moderne-215x300.jpg 215w, http:\/\/www.musiquem.fr\/college\/wp-content\/uploads\/2020\/11\/moderne-768x1074.jpg 768w, http:\/\/www.musiquem.fr\/college\/wp-content\/uploads\/2020\/11\/moderne-1099x1536.jpg 1099w, http:\/\/www.musiquem.fr\/college\/wp-content\/uploads\/2020\/11\/moderne-1465x2048.jpg 1465w, http:\/\/www.musiquem.fr\/college\/wp-content\/uploads\/2020\/11\/moderne.jpg 1792w\" sizes=\"auto, (max-width: 733px) 100vw, 733px\" \/><\/a><\/figure><\/li><li class=\"blocks-gallery-item\"><figure><a href=\"http:\/\/www.musiquem.fr\/college\/sujet-1-definition-dun-style-musical\/contemporain\/\"><img loading=\"lazy\" decoding=\"async\" width=\"733\" height=\"1024\" src=\"http:\/\/www.musiquem.fr\/college\/wp-content\/uploads\/2020\/11\/contemporain-733x1024.jpg\" alt=\"\" data-id=\"1984\" data-link=\"http:\/\/www.musiquem.fr\/college\/sujet-1-definition-dun-style-musical\/contemporain\/\" class=\"wp-image-1984\" srcset=\"http:\/\/www.musiquem.fr\/college\/wp-content\/uploads\/2020\/11\/contemporain-733x1024.jpg 733w, http:\/\/www.musiquem.fr\/college\/wp-content\/uploads\/2020\/11\/contemporain-215x300.jpg 215w, http:\/\/www.musiquem.fr\/college\/wp-content\/uploads\/2020\/11\/contemporain-768x1074.jpg 768w, http:\/\/www.musiquem.fr\/college\/wp-content\/uploads\/2020\/11\/contemporain-1099x1536.jpg 1099w, http:\/\/www.musiquem.fr\/college\/wp-content\/uploads\/2020\/11\/contemporain-1465x2048.jpg 1465w, http:\/\/www.musiquem.fr\/college\/wp-content\/uploads\/2020\/11\/contemporain.jpg 1792w\" sizes=\"auto, (max-width: 733px) 100vw, 733px\" \/><\/a><\/figure><\/li><\/ul><\/figure>\n\n\n\n<p><strong><span class=\"has-inline-color has-green-color\">Champs de questionnement et th\u00e9matiques<\/span><\/strong><\/p>\n\n\n\n<p><span style=\"text-decoration: underline;\">Le son, la musique, l&rsquo;espace et le temps : <\/span>Principes et \u00e9l\u00e9ments du discours musical<\/p>\n\n\n\n<p><span style=\"text-decoration: underline;\">Culture musicale et artistique dans l&rsquo;histoire et la g\u00e9ographie :<\/span> variants et invariants du langage musical<\/p>\n\n\n\n<div class=\"wp-block-file\"><a href=\"http:\/\/www.musiquem.fr\/college\/wp-content\/uploads\/2020\/11\/fiche-de-cours-S1.pdf\">fiche-de-cours-S1<\/a><a href=\"http:\/\/www.musiquem.fr\/college\/wp-content\/uploads\/2020\/11\/fiche-de-cours-S1.pdf\" class=\"wp-block-file__button\" download>T\u00e9l\u00e9charger<\/a><\/div>\n\n\n\n<p><strong><span class=\"has-inline-color has-green-color\">Playlists :<\/span><\/strong><\/p>\n\n\n\n<ul class=\"wp-block-list\"><li>moyen-\u00e2ge \/ renaissance :                                         <a href=\" https:\/\/open.qobuz.com\/playlist\/4266923\"> https:\/\/open.qobuz.com\/playlist\/4266923<\/a><\/li><\/ul>\n\n\n\n<p><\/p>\n\n\n\n<ul class=\"wp-block-list\"><li>baroque \/ classique :                                                <a href=\"https:\/\/open.qobuz.com\/playlist\/4264551\">https:\/\/open.qobuz.com\/playlist\/4264551<\/a><\/li><\/ul>\n\n\n\n<p><\/p>\n\n\n\n<ul class=\"wp-block-list\"><li>romantique \/ moderne :                                           <a href=\"https:\/\/open.qobuz.com\/playlist\/4269941\">https:\/\/open.qobuz.com\/playlist\/4269941<\/a><\/li><\/ul>\n\n\n\n<p><\/p>\n\n\n\n<ul class=\"wp-block-list\"><li>contemporain :                                                                                           <a href=\"https:\/\/open.qobuz.com\/playlist\/4460668\">https:\/\/open.qobuz.com\/playlist\/4460668<\/a> <\/li><\/ul>\n\n\n\n<p><\/p>\n\n\n\n<p><strong><span class=\"has-inline-color has-green-color\">Pratique musicale et cr\u00e9ation<\/span><\/strong><\/p>\n\n\n\n<p>\u00ab\u00a0Over the rainbow\u00a0\u00bb : proposer et explorer diff\u00e9rents styles musicaux<\/p>\n\n\n\n<p><a href=\"https:\/\/elyco.itslearning.com\/Folder\/processfolder.aspx?FolderID=5428423\">Lien <\/a>pour acc\u00e9der \u00e0 toutes les partitions disponibles (elyco)<\/p>\n","protected":false},"excerpt":{"rendered":"<p>D\u00e9finition d&rsquo;un style musical : faut-il appartenir \u00e0 un courant musical ou rechercher son propre style ? Vid\u00e9o sur l&rsquo;histoire de la musique et les styles musicaux Champs de questionnement et th\u00e9matiques Le son, la musique, l&rsquo;espace et le temps : Principes et \u00e9l\u00e9ments du discours musical Culture musicale et artistique dans l&rsquo;histoire et la &hellip; <a href=\"http:\/\/www.musiquem.fr\/college\/sujet-1-definition-dun-style-musical\/\" class=\"more-link\">Continuer la lecture de <span class=\"screen-reader-text\">Sujet 1 : D\u00e9finition d&rsquo;un style musical<\/span>  <span class=\"meta-nav\">&rarr;<\/span><\/a><\/p>\n","protected":false},"author":1,"featured_media":0,"parent":0,"menu_order":0,"comment_status":"closed","ping_status":"closed","template":"","meta":{"footnotes":""},"class_list":["post-1462","page","type-page","status-publish","hentry"],"_links":{"self":[{"href":"http:\/\/www.musiquem.fr\/college\/wp-json\/wp\/v2\/pages\/1462","targetHints":{"allow":["GET"]}}],"collection":[{"href":"http:\/\/www.musiquem.fr\/college\/wp-json\/wp\/v2\/pages"}],"about":[{"href":"http:\/\/www.musiquem.fr\/college\/wp-json\/wp\/v2\/types\/page"}],"author":[{"embeddable":true,"href":"http:\/\/www.musiquem.fr\/college\/wp-json\/wp\/v2\/users\/1"}],"replies":[{"embeddable":true,"href":"http:\/\/www.musiquem.fr\/college\/wp-json\/wp\/v2\/comments?post=1462"}],"version-history":[{"count":10,"href":"http:\/\/www.musiquem.fr\/college\/wp-json\/wp\/v2\/pages\/1462\/revisions"}],"predecessor-version":[{"id":2012,"href":"http:\/\/www.musiquem.fr\/college\/wp-json\/wp\/v2\/pages\/1462\/revisions\/2012"}],"wp:attachment":[{"href":"http:\/\/www.musiquem.fr\/college\/wp-json\/wp\/v2\/media?parent=1462"}],"curies":[{"name":"wp","href":"https:\/\/api.w.org\/{rel}","templated":true}]}}