{"id":1925,"date":"2020-09-10T14:42:53","date_gmt":"2020-09-10T12:42:53","guid":{"rendered":"http:\/\/www.musiquem.fr\/college\/?page_id=1925"},"modified":"2020-10-09T11:00:00","modified_gmt":"2020-10-09T09:00:00","slug":"1-musique-et-cinema","status":"publish","type":"page","link":"http:\/\/www.musiquem.fr\/college\/1-musique-et-cinema\/","title":{"rendered":"1. Musique et cin\u00e9ma"},"content":{"rendered":"\n<h2 class=\"wp-block-heading\"><span class=\"has-inline-color has-green-color\">Choix des projets musicaux<\/span><\/h2>\n\n\n\n<iframe loading=\"lazy\" width=\"500\" height=\"70\" src=\"https:\/\/www.youtube.com\/embed\/bo_efYhYU2A\" frameborder=\"0\" allow=\"accelerometer; autoplay; encrypted-media; gyroscope; picture-in-picture\" allowfullscreen=\"\"><\/iframe><iframe loading=\"lazy\" width=\"500\" height=\"70\" src=\"https:\/\/www.youtube.com\/embed\/_efSI5_UCxo\" frameborder=\"0\" allow=\"accelerometer; autoplay; encrypted-media; gyroscope; picture-in-picture\" allowfullscreen=\"\"><\/iframe>\n\n\n\n<h2 class=\"wp-block-heading\"><span class=\"has-inline-color has-green-color\">Capsules vid\u00e9os (r\u00e9alis\u00e9e par Sara Toupin)<\/span><\/h2>\n\n\n\n<iframe loading=\"lazy\" width=\"560\" height=\"315\" src=\"https:\/\/www.youtube.com\/embed\/NmorRoySC3U\" frameborder=\"0\" allow=\"accelerometer; autoplay; encrypted-media; gyroscope; picture-in-picture\" allowfullscreen=\"\"><\/iframe>\n\n\n\n<iframe loading=\"lazy\" width=\"560\" height=\"315\" src=\"https:\/\/www.youtube.com\/embed\/B9-Sz2Xwsf0\" frameborder=\"0\" allow=\"accelerometer; autoplay; encrypted-media; gyroscope; picture-in-picture\" allowfullscreen=\"\"><\/iframe>\n\n\n\n<iframe loading=\"lazy\" width=\"560\" height=\"315\" src=\"https:\/\/www.youtube.com\/embed\/gI4wZdttLvo\" frameborder=\"0\" allow=\"accelerometer; autoplay; clipboard-write; encrypted-media; gyroscope; picture-in-picture\" allowfullscreen=\"\"><\/iframe>\n\n\n\n<div class=\"wp-block-file\"><a href=\"http:\/\/www.musiquem.fr\/college\/wp-content\/uploads\/2020\/09\/fiche-de-cours.pdf\">fiche-de-cours 1\u00e8re partie<\/a><a href=\"http:\/\/www.musiquem.fr\/college\/wp-content\/uploads\/2020\/09\/fiche-de-cours.pdf\" class=\"wp-block-file__button\" download>T\u00e9l\u00e9charger<\/a><\/div>\n\n\n\n<p><a href=\"http:\/\/www.musiquem.fr\/college\/quizz-cinema-2020\/\">acc\u00e8s au quizz<\/a> cr\u00e9\u00e9 par les \u00e9l\u00e8ves de seconde<\/p>\n\n\n\n<h2 class=\"wp-block-heading\"><span class=\"has-inline-color has-green-color\">Miserlou<\/span><\/h2>\n\n\n\n<iframe loading=\"lazy\" width=\"560\" height=\"315\" src=\"https:\/\/www.youtube.com\/embed\/mBeqIjjhaSU\" frameborder=\"0\" allow=\"accelerometer; autoplay; clipboard-write; encrypted-media; gyroscope; picture-in-picture\" allowfullscreen=\"\"><\/iframe>\n\n\n\n<p><span style=\"text-decoration: underline;\">Vid\u00e9o d&rsquo;aide au travail de Miserlou : <\/span>Malheureusement, le son \u00ab\u00a0midi\u00a0\u00bb n&rsquo;est pas de bonne qualit\u00e9. Il repr\u00e9sente toutefois un support de travail.<\/p>\n\n\n\n<p><\/p>\n","protected":false},"excerpt":{"rendered":"<p>Choix des projets musicaux Capsules vid\u00e9os (r\u00e9alis\u00e9e par Sara Toupin) acc\u00e8s au quizz cr\u00e9\u00e9 par les \u00e9l\u00e8ves de seconde Miserlou Vid\u00e9o d&rsquo;aide au travail de Miserlou : Malheureusement, le son \u00ab\u00a0midi\u00a0\u00bb n&rsquo;est pas de bonne qualit\u00e9. Il repr\u00e9sente toutefois un support de travail.<\/p>\n","protected":false},"author":1,"featured_media":0,"parent":0,"menu_order":0,"comment_status":"closed","ping_status":"closed","template":"","meta":{"footnotes":""},"class_list":["post-1925","page","type-page","status-publish","hentry"],"_links":{"self":[{"href":"http:\/\/www.musiquem.fr\/college\/wp-json\/wp\/v2\/pages\/1925","targetHints":{"allow":["GET"]}}],"collection":[{"href":"http:\/\/www.musiquem.fr\/college\/wp-json\/wp\/v2\/pages"}],"about":[{"href":"http:\/\/www.musiquem.fr\/college\/wp-json\/wp\/v2\/types\/page"}],"author":[{"embeddable":true,"href":"http:\/\/www.musiquem.fr\/college\/wp-json\/wp\/v2\/users\/1"}],"replies":[{"embeddable":true,"href":"http:\/\/www.musiquem.fr\/college\/wp-json\/wp\/v2\/comments?post=1925"}],"version-history":[{"count":9,"href":"http:\/\/www.musiquem.fr\/college\/wp-json\/wp\/v2\/pages\/1925\/revisions"}],"predecessor-version":[{"id":1961,"href":"http:\/\/www.musiquem.fr\/college\/wp-json\/wp\/v2\/pages\/1925\/revisions\/1961"}],"wp:attachment":[{"href":"http:\/\/www.musiquem.fr\/college\/wp-json\/wp\/v2\/media?parent=1925"}],"curies":[{"name":"wp","href":"https:\/\/api.w.org\/{rel}","templated":true}]}}